{"id":41424,"date":"2025-05-15T12:56:57","date_gmt":"2025-05-15T17:56:57","guid":{"rendered":"https:\/\/qroo.gob.mx\/segob\/?page_id=41424"},"modified":"2025-05-15T12:57:59","modified_gmt":"2025-05-15T17:57:59","slug":"comite-de-transparencia-de-la-secretaria-de-gobierno","status":"publish","type":"page","link":"https:\/\/qroo.gob.mx\/segob\/comite-de-transparencia-de-la-secretaria-de-gobierno\/","title":{"rendered":"Comit\u00e9 de Transparencia de la Secretar\u00eda de Gobierno"},"content":{"rendered":"\t\t<div data-elementor-type=\"wp-page\" data-elementor-id=\"41424\" class=\"elementor elementor-41424\">\n\t\t\t\t<div class=\"elementor-element elementor-element-802c8e4 e-flex e-con-boxed e-con e-parent\" data-id=\"802c8e4\" data-element_type=\"container\">\n\t\t\t\t\t<div class=\"e-con-inner\">\n\t\t\t\t<div class=\"elementor-element elementor-element-cc231b8 elementor-widget elementor-widget-spacer\" data-id=\"cc231b8\" data-element_type=\"widget\" data-widget_type=\"spacer.default\">\n\t\t\t\t<div class=\"elementor-widget-container\">\n\t\t\t<style>\/*! elementor - v3.23.0 - 15-07-2024 *\/\n.elementor-column .elementor-spacer-inner{height:var(--spacer-size)}.e-con{--container-widget-width:100%}.e-con-inner>.elementor-widget-spacer,.e-con>.elementor-widget-spacer{width:var(--container-widget-width,var(--spacer-size));--align-self:var(--container-widget-align-self,initial);--flex-shrink:0}.e-con-inner>.elementor-widget-spacer>.elementor-widget-container,.e-con>.elementor-widget-spacer>.elementor-widget-container{height:100%;width:100%}.e-con-inner>.elementor-widget-spacer>.elementor-widget-container>.elementor-spacer,.e-con>.elementor-widget-spacer>.elementor-widget-container>.elementor-spacer{height:100%}.e-con-inner>.elementor-widget-spacer>.elementor-widget-container>.elementor-spacer>.elementor-spacer-inner,.e-con>.elementor-widget-spacer>.elementor-widget-container>.elementor-spacer>.elementor-spacer-inner{height:var(--container-widget-height,var(--spacer-size))}.e-con-inner>.elementor-widget-spacer.elementor-widget-empty,.e-con>.elementor-widget-spacer.elementor-widget-empty{position:relative;min-height:22px;min-width:22px}.e-con-inner>.elementor-widget-spacer.elementor-widget-empty .elementor-widget-empty-icon,.e-con>.elementor-widget-spacer.elementor-widget-empty .elementor-widget-empty-icon{position:absolute;top:0;bottom:0;left:0;right:0;margin:auto;padding:0;width:22px;height:22px}<\/style>\t\t<div class=\"elementor-spacer\">\n\t\t\t<div class=\"elementor-spacer-inner\"><\/div>\n\t\t<\/div>\n\t\t\t\t<\/div>\n\t\t\t\t<\/div>\n\t\t\t\t<div class=\"elementor-element elementor-element-d2369b3 elementor-widget elementor-widget-heading\" data-id=\"d2369b3\" data-element_type=\"widget\" data-widget_type=\"heading.default\">\n\t\t\t\t<div class=\"elementor-widget-container\">\n\t\t\t<style>\/*! elementor - v3.23.0 - 15-07-2024 *\/\n.elementor-heading-title{padding:0;margin:0;line-height:1}.elementor-widget-heading .elementor-heading-title[class*=elementor-size-]>a{color:inherit;font-size:inherit;line-height:inherit}.elementor-widget-heading .elementor-heading-title.elementor-size-small{font-size:15px}.elementor-widget-heading .elementor-heading-title.elementor-size-medium{font-size:19px}.elementor-widget-heading .elementor-heading-title.elementor-size-large{font-size:29px}.elementor-widget-heading .elementor-heading-title.elementor-size-xl{font-size:39px}.elementor-widget-heading .elementor-heading-title.elementor-size-xxl{font-size:59px}<\/style><h2 class=\"elementor-heading-title elementor-size-default\">Comit\u00e9 de Transparencia de la Secretar\u00eda de Gobierno<\/h2>\t\t<\/div>\n\t\t\t\t<\/div>\n\t\t\t\t<div class=\"elementor-element elementor-element-0b848c2 elementor-widget elementor-widget-spacer\" data-id=\"0b848c2\" data-element_type=\"widget\" data-widget_type=\"spacer.default\">\n\t\t\t\t<div class=\"elementor-widget-container\">\n\t\t\t\t\t<div class=\"elementor-spacer\">\n\t\t\t<div class=\"elementor-spacer-inner\"><\/div>\n\t\t<\/div>\n\t\t\t\t<\/div>\n\t\t\t\t<\/div>\n\t\t\t\t\t<\/div>\n\t\t\t\t<\/div>\n\t\t<div class=\"elementor-element elementor-element-9461cc8 e-flex e-con-boxed e-con e-parent\" data-id=\"9461cc8\" data-element_type=\"container\">\n\t\t\t\t\t<div class=\"e-con-inner\">\n\t\t\t\t<div class=\"elementor-element elementor-element-b54045f elementor-widget elementor-widget-text-editor\" data-id=\"b54045f\" data-element_type=\"widget\" data-widget_type=\"text-editor.default\">\n\t\t\t\t<div class=\"elementor-widget-container\">\n\t\t\t<style>\/*! elementor - v3.23.0 - 15-07-2024 *\/\n.elementor-widget-text-editor.elementor-drop-cap-view-stacked .elementor-drop-cap{background-color:#69727d;color:#fff}.elementor-widget-text-editor.elementor-drop-cap-view-framed .elementor-drop-cap{color:#69727d;border:3px solid;background-color:transparent}.elementor-widget-text-editor:not(.elementor-drop-cap-view-default) .elementor-drop-cap{margin-top:8px}.elementor-widget-text-editor:not(.elementor-drop-cap-view-default) .elementor-drop-cap-letter{width:1em;height:1em}.elementor-widget-text-editor .elementor-drop-cap{float:left;text-align:center;line-height:1;font-size:50px}.elementor-widget-text-editor .elementor-drop-cap-letter{display:inline-block}<\/style>\t\t\t\t<p style=\"font-weight: 400; text-align: Justify;\">En este apartado se publicar\u00e1 a las personas integrantes del Comit\u00e9 de Transparencia de la Secretar\u00eda de Gobierno, as\u00ed mismo se publicar\u00e1n\u00a0las actas de las sesiones ordinarias y extraordinarias que lleven a cabo las personas integrantes del Comit\u00e9 de Transparencia, establecidas en el art\u00edculo 44 de la Ley General, las cuales dar\u00e1n cuenta de las funciones de ese organismo colegiado.<\/p>\n<p style=\"font-weight: 400; text-align: Justify;\">As\u00ed como tambi\u00e9n las capacitaciones programadas en materia de transparencia, acceso a la informaci\u00f3n, accesibilidad y protecci\u00f3n de datos personales para todas las personas servidoras p\u00fablicas de la Secretar\u00eda de Gobierno.<\/p>\t\t\t\t\t\t<\/div>\n\t\t\t\t<\/div>\n\t\t\t\t<div class=\"elementor-element elementor-element-844e274 elementor-widget elementor-widget-spacer\" data-id=\"844e274\" data-element_type=\"widget\" data-widget_type=\"spacer.default\">\n\t\t\t\t<div class=\"elementor-widget-container\">\n\t\t\t\t\t<div class=\"elementor-spacer\">\n\t\t\t<div class=\"elementor-spacer-inner\"><\/div>\n\t\t<\/div>\n\t\t\t\t<\/div>\n\t\t\t\t<\/div>\n\t\t\t\t\t<\/div>\n\t\t\t\t<\/div>\n\t\t<div class=\"elementor-element elementor-element-94d3d6f e-flex e-con-boxed e-con e-parent\" data-id=\"94d3d6f\" data-element_type=\"container\">\n\t\t\t\t\t<div class=\"e-con-inner\">\n\t\t\t\t<div class=\"elementor-element elementor-element-19feffc elementor-widget elementor-widget-heading\" data-id=\"19feffc\" data-element_type=\"widget\" data-widget_type=\"heading.default\">\n\t\t\t\t<div class=\"elementor-widget-container\">\n\t\t\t<h4 class=\"elementor-heading-title elementor-size-default\">Personas integrantes del Comit\u00e9 de Transparencia<\/h4>\t\t<\/div>\n\t\t\t\t<\/div>\n\t\t\t\t<div class=\"elementor-element elementor-element-ad884a4 elementor-widget elementor-widget-html\" data-id=\"ad884a4\" data-element_type=\"widget\" data-widget_type=\"html.default\">\n\t\t\t\t<div class=\"elementor-widget-container\">\n\t\t\t<table width=\"339\" data-striping=\"1\">\n<tbody>\n<tr>\n<th width=\"25%\"><strong>NOMBRE    <\/strong><\/th>\n<th width=\"25%\"><strong>CARGO<\/strong><\/th>\n<th width=\"25%\"><strong>FUNCION EN EL COMITE    <\/strong><\/th>\n<th width=\"25%\"><strong>SUPLENTE<\/strong><\/th>\n<\/tr>\n<tr class=\"odd\">\n<td >Mtra. Judith Rodr\u00edguez Villanueva<\/td>\n<td >Subsecretaria de Asuntos Jur\u00eddicos<\/td>\n<td >Presidenta<\/td>\n<td >Lcdo. Virgilio Melchor May Herrera<\/td>\n<\/tr>\n\n<tr class=\"odd\">\n<td >Dra. Nora Leticia Cer\u00f3n Gonz\u00e1lez<\/td>\n<td >Titular de la Unidad de Transparencia, Acceso a la Informaci\u00f3n P\u00fablica y Protecci\u00f3n de Datos Personales<\/td>\n<td >Secretaria<\/td>\n<td >C. Carla Patricia Matute Castillo<\/td>\n<\/tr>\n\n\n<tr class=\"odd\">\n<td >C.P. Juan Enrique Chej\u00edn Vargas<\/td>\n<td >Director de Administraci\u00f3n<\/td>\n<td >Primer Vocal<\/td>\n<td >Lcda. Linabel del Carmen Cortes Sant\u00edn<\/td>\n<\/tr>\n\n<tr class=\"odd\">\n<td >Lcdo. Carlos Jes\u00fas Montemayor Mansilla<\/td>\n<td >Director de Evaluaci\u00f3n, Seguimiento y Archivo<\/td>\n<td >Segundo Vocal<\/td>\n<td >Mtra. Rub\u00ed Pamela Paz P\u00e9rez<\/td>\n<\/tr>\n\n\n<tr class=\"odd\">\n<td >-----------------<\/td>\n<td >-----------------<\/td>\n<td >Tercer (a) Vocal<\/td>\n<td >-----------------<\/td>\n<\/tr>\n<\/tbody>\n<\/table>\n\n<style>\ntable {border-collapse: collapse;width: 100%;color: #000000;margin: 25px 0 40px;}table{background-color: transparent;}table th{font-size: 16px;text-transform: uppercase;border: 1px solid #fff;background: #3f3f3f;   color: #ffffff;}table tr.even, table tr.odd {border-bottom: 1px solid #fff;background: #e4e4e4;font-size: 14px;}.file--application-pdf{background-image: url(https:\/\/preview.qroo.gob.mx\/core\/themes\/classy\/images\/icons\/application-pdf.png);}.file {padding-left: 20px;display: inline-block;min-height: 16px;background-repeat: no-repeat;background-position: left center;}<\/style>\t\t<\/div>\n\t\t\t\t<\/div>\n\t\t\t\t<div class=\"elementor-element elementor-element-aaf8283 elementor-widget elementor-widget-spacer\" data-id=\"aaf8283\" data-element_type=\"widget\" data-widget_type=\"spacer.default\">\n\t\t\t\t<div class=\"elementor-widget-container\">\n\t\t\t\t\t<div class=\"elementor-spacer\">\n\t\t\t<div class=\"elementor-spacer-inner\"><\/div>\n\t\t<\/div>\n\t\t\t\t<\/div>\n\t\t\t\t<\/div>\n\t\t\t\t\t<\/div>\n\t\t\t\t<\/div>\n\t\t<div class=\"elementor-element elementor-element-0d7a945 e-flex e-con-boxed e-con e-parent\" data-id=\"0d7a945\" data-element_type=\"container\">\n\t\t\t\t\t<div class=\"e-con-inner\">\n\t\t\t\t<div class=\"elementor-element elementor-element-6bc2d1d elementor-widget elementor-widget-heading\" data-id=\"6bc2d1d\" data-element_type=\"widget\" data-widget_type=\"heading.default\">\n\t\t\t\t<div class=\"elementor-widget-container\">\n\t\t\t<h4 class=\"elementor-heading-title elementor-size-default\">Calendario de capacitaciones<\/h4>\t\t<\/div>\n\t\t\t\t<\/div>\n\t\t\t\t<div class=\"elementor-element elementor-element-8c1e77d elementor-widget elementor-widget-html\" data-id=\"8c1e77d\" data-element_type=\"widget\" data-widget_type=\"html.default\">\n\t\t\t\t<div class=\"elementor-widget-container\">\n\t\t\t<table width=\"339\" data-striping=\"1\">\n<tbody>\n<tr>\n<th width=\"20%\"><strong>EJERCICIO    <\/strong><\/th>\n<th width=\"50%\"><strong>NOMBRE<\/strong><\/th>\n<th width=\"30%\"><strong>ARCHIVO<\/strong><\/th>\n<\/tr>\n<tr class=\"odd\">\n<td >2025<\/td>\n<td >CALENDARIO-CAPACITACIONES-2025<\/td>\n<td ALIGN=\"CENTER\"><a href=\"https:\/\/segob.qroo.gob.mx\/wp-content\/uploads\/2025\/05\/CALENDARIO-CAPACITACIONES-2025.docx\">WORD<\/a><\/td>\n<\/tr>\n\n<tr class=\"odd\">\n<td >   <\/td>\n<td >   <\/td>\n<td ALIGN=\"CENTER\"><!--a href=\"https:\/\/qroo.gob.mx\/segob\/wp-content\/uploads\/2025\/03\/ACTA-EXTRAORDINARIA-DEL-GRUPO-INTERDICIPLINARIO-DE-LA-SECRETARIA-DE-GOBIERNO-2025.pdf\">ACTA-EXTRAORDINARIA-DEL-GRUPO-INTERDICIPLINARIO-DE-LA-SECRETARIA-DE-GOBIERNO-2025.pdf<\/a--><\/td>\n<\/tr>\n\n<tr class=\"odd\">\n<td >   <\/td>\n<td >   <\/td>\n<td ALIGN=\"CENTER\"><!--a href=\"https:\/\/qroo.gob.mx\/segob\/wp-content\/uploads\/2025\/03\/ACTA-EXTRAORDINARIA-DEL-GRUPO-INTERDICIPLINARIO-DE-LA-SECRETARIA-DE-GOBIERNO-2025.pdf\">ACTA-EXTRAORDINARIA-DEL-GRUPO-INTERDICIPLINARIO-DE-LA-SECRETARIA-DE-GOBIERNO-2025.pdf<\/a--><\/td>\n<\/tr>\n\n<\/tbody>\n<\/table>\n\n<style>\ntable {border-collapse: collapse;width: 100%;color: #000000;margin: 25px 0 40px;}table{background-color: transparent;}table th{font-size: 16px;text-transform: uppercase;border: 1px solid #fff;background: #3f3f3f;   color: #ffffff;}table tr.even, table tr.odd {border-bottom: 1px solid #fff;background: #e4e4e4;font-size: 14px;}.file--application-pdf{background-image: url(https:\/\/preview.qroo.gob.mx\/core\/themes\/classy\/images\/icons\/application-pdf.png);}.file {padding-left: 20px;display: inline-block;min-height: 16px;background-repeat: no-repeat;background-position: left center;}<\/style>\t\t<\/div>\n\t\t\t\t<\/div>\n\t\t\t\t<div class=\"elementor-element elementor-element-4ba7d15 elementor-widget elementor-widget-spacer\" data-id=\"4ba7d15\" data-element_type=\"widget\" data-widget_type=\"spacer.default\">\n\t\t\t\t<div class=\"elementor-widget-container\">\n\t\t\t\t\t<div class=\"elementor-spacer\">\n\t\t\t<div class=\"elementor-spacer-inner\"><\/div>\n\t\t<\/div>\n\t\t\t\t<\/div>\n\t\t\t\t<\/div>\n\t\t\t\t\t<\/div>\n\t\t\t\t<\/div>\n\t\t<div class=\"elementor-element elementor-element-2ce3734 e-flex e-con-boxed e-con e-parent\" data-id=\"2ce3734\" data-element_type=\"container\">\n\t\t\t\t\t<div class=\"e-con-inner\">\n\t\t\t\t<div class=\"elementor-element elementor-element-4000cb5 elementor-widget elementor-widget-heading\" data-id=\"4000cb5\" data-element_type=\"widget\" data-widget_type=\"heading.default\">\n\t\t\t\t<div class=\"elementor-widget-container\">\n\t\t\t<h4 class=\"elementor-heading-title elementor-size-default\">Actas de sesiones ordinarias<\/h4>\t\t<\/div>\n\t\t\t\t<\/div>\n\t\t\t\t<div class=\"elementor-element elementor-element-fe03a32 elementor-widget elementor-widget-html\" data-id=\"fe03a32\" data-element_type=\"widget\" data-widget_type=\"html.default\">\n\t\t\t\t<div class=\"elementor-widget-container\">\n\t\t\t<table width=\"339\" data-striping=\"1\">\n<tbody>\n<tr>\n<th width=\"20%\"><strong>EJERCICIO    <\/strong><\/th>\n<th width=\"50%\"><strong>NOMBRE<\/strong><\/th>\n<th width=\"30%\"><strong>ARCHIVO<\/strong><\/th>\n<\/tr>\n<tr class=\"odd\">\n<td ALIGN=\"CENTER\"> 2025  <\/td>\n<td > ACTA-CT-1-ORD-22ABRIL2025  <\/td>\n<td ALIGN=\"CENTER\"><a href=\"https:\/\/segob.qroo.gob.mx\/wp-content\/uploads\/2025\/05\/ACTA-CT-1-ORD-22ABRIL2025.pdf\">pdf<\/a><\/td>\n<\/tr>\n\n<tr class=\"odd\">\n<td rowspan=\"6\" ALIGN=\"CENTER\"> 2024  <\/td>\n<td > ACTA-CT-1-ORDINARIA-09-ENE-2024-APROBACION-CALENDARIO-2024  <\/td>\n<td ALIGN=\"CENTER\"><a href=\"https:\/\/segob.qroo.gob.mx\/wp-content\/uploads\/2025\/05\/ACTA-CT-1-ORDINARIA-09-ENE-2024-APROBACION-CALENDARIO-2024.pdf\">pdf<\/a><\/td>\n<\/tr>\n\n<tr class=\"odd\">\n<td > ACTA-CT-2-ORDINARIA-13-MARZO-24-APROBACION-TABLA-APLICAB-2024  <\/td>\n<td ALIGN=\"CENTER\"><a href=\"https:\/\/segob.qroo.gob.mx\/wp-content\/uploads\/2025\/05\/ACTA-CT-2-ORDINARIA-13-MARZO-24-APROBACION-TABLA-APLICAB-2024.pdf\">pdf<\/a><\/td>\n<\/tr>\n\n<tr class=\"odd\">\n<td > ACTA-CT-3-ORDINARIA-15-MAYO-24-DOC-SEG-REVISION  <\/td>\n<td ALIGN=\"CENTER\"><a href=\"https:\/\/segob.qroo.gob.mx\/wp-content\/uploads\/2025\/05\/ACTA-CT-3-ORDINARIA-15-MAYO-24-DOC-SEG-REVISION.pdf\">pdf<\/a><\/td>\n<\/tr>\n\n<tr class=\"odd\">\n<td > ACTA-CT-4-ORDINARIA-24-JULIO-24-DOC-SEG-APROBADO  <\/td>\n<td ALIGN=\"CENTER\"><a href=\"https:\/\/segob.qroo.gob.mx\/wp-content\/uploads\/2025\/05\/ACTA-CT-4-ORDINARIA-24-JULIO-24-DOC-SEG-APROBADO.pdf\">pdf<\/a><\/td>\n<\/tr>\n\n<tr class=\"odd\">\n<td > ACTA-CT-5-ORDINARIA-23-JUL-2024-SUPLENTES  <\/td>\n<td ALIGN=\"CENTER\"><a href=\"https:\/\/segob.qroo.gob.mx\/wp-content\/uploads\/2025\/05\/ACTA-CT-5-ORDINARIA-23-JUL-2024-SUPLENTES.pdf\">pdf<\/a><\/td>\n<\/tr>\n\n<tr class=\"odd\">\n<td > ACTA-CT-6-ORDINARIA-18SEPT24-DESLINDE-RESP-TITULAR-  <\/td>\n<td ALIGN=\"CENTER\"><a href=\"https:\/\/segob.qroo.gob.mx\/wp-content\/uploads\/2025\/05\/ACTA-CT-6-ORDINARIA-18SEPT24-DESLINDE-RESP-TITULAR-.pdf\">pdf<\/a><\/td>\n<\/tr>\n\n\n<\/tbody>\n<\/table>\n\n<style>\ntable {border-collapse: collapse;width: 100%;color: #000000;margin: 25px 0 40px;}table{background-color: transparent;}table th{font-size: 16px;text-transform: uppercase;border: 1px solid #fff;background: #3f3f3f;   color: #ffffff;}table tr.even, table tr.odd {border-bottom: 1px solid #fff;background: #e4e4e4;font-size: 14px;}.file--application-pdf{background-image: url(https:\/\/preview.qroo.gob.mx\/core\/themes\/classy\/images\/icons\/application-pdf.png);}.file {padding-left: 20px;display: inline-block;min-height: 16px;background-repeat: no-repeat;background-position: left center;}<\/style>\t\t<\/div>\n\t\t\t\t<\/div>\n\t\t\t\t<div class=\"elementor-element elementor-element-f627da9 elementor-widget elementor-widget-spacer\" data-id=\"f627da9\" data-element_type=\"widget\" data-widget_type=\"spacer.default\">\n\t\t\t\t<div class=\"elementor-widget-container\">\n\t\t\t\t\t<div class=\"elementor-spacer\">\n\t\t\t<div class=\"elementor-spacer-inner\"><\/div>\n\t\t<\/div>\n\t\t\t\t<\/div>\n\t\t\t\t<\/div>\n\t\t\t\t\t<\/div>\n\t\t\t\t<\/div>\n\t\t<div class=\"elementor-element elementor-element-087fad2 e-flex e-con-boxed e-con e-parent\" data-id=\"087fad2\" data-element_type=\"container\">\n\t\t\t\t\t<div class=\"e-con-inner\">\n\t\t\t\t<div class=\"elementor-element elementor-element-b28573a elementor-widget elementor-widget-heading\" data-id=\"b28573a\" data-element_type=\"widget\" data-widget_type=\"heading.default\">\n\t\t\t\t<div class=\"elementor-widget-container\">\n\t\t\t<h4 class=\"elementor-heading-title elementor-size-default\">Actas de sesiones extraordinarias<\/h4>\t\t<\/div>\n\t\t\t\t<\/div>\n\t\t\t\t<div class=\"elementor-element elementor-element-7ad28d8 elementor-widget elementor-widget-html\" data-id=\"7ad28d8\" data-element_type=\"widget\" data-widget_type=\"html.default\">\n\t\t\t\t<div class=\"elementor-widget-container\">\n\t\t\t<table width=\"339\" data-striping=\"1\">\n<tbody>\n<tr>\n<th width=\"20%\"><strong>EJERCICIO    <\/strong><\/th>\n<th width=\"50%\"><strong>NOMBRE<\/strong><\/th>\n<th width=\"30%\"><strong>ARCHIVO<\/strong><\/th>\n<\/tr>\n<tr class=\"odd\">\n<td ALIGN=\"CENTER\"> 2025  <\/td>\n<td >  <\/td>\n<td ALIGN=\"CENTER\"><!--a href=\"https:\/\/segob.qroo.gob.mx\/wp-content\/uploads\/2025\/05\/ACTA-CT-1-ORD-22ABRIL2025.pdf\">pdf<\/a--><\/td>\n<\/tr>\n\n<tr class=\"odd\">\n<td rowspan=\"7\" ALIGN=\"CENTER\"> 2024  <\/td>\n<td > ACTA-CT-1-EXRAORD-13-FEB-2024-TABLA-APLICABILIDAD-24 <\/td>\n<td ALIGN=\"CENTER\"><a href=\"https:\/\/segob.qroo.gob.mx\/wp-content\/uploads\/2025\/05\/ACTA-CT-1-EXRAORD-13-FEB-2024-TABLA-APLICABILIDAD-24.pdf\">pdf<\/a><\/td>\n<\/tr>\n\n<tr class=\"odd\">\n<td > ACTA-CT-2-EXTRAORDINARIA-20FEB24-RESERV-INF-SOL-5024 <\/td>\n<td ALIGN=\"CENTER\"><a href=\"https:\/\/segob.qroo.gob.mx\/wp-content\/uploads\/2025\/05\/ACTA-CT-2-EXTRAORDINARIA-20FEB24-RESERV-INF-SOL-5024.pdf\">pdf<\/a><\/td>\n<\/tr>\n\n<tr class=\"odd\">\n<td > ACTA-CT-2-EXTORD-17-ABRIL-24-INAPLICABILIDAD-23PRESUPUESTO-COM-SO  <\/td>\n<td ALIGN=\"CENTER\"><a href=\"https:\/\/segob.qroo.gob.mx\/wp-content\/uploads\/2025\/05\/ACTA-CT-2-EXTORD-17-ABRIL-24-INAPLICABILIDAD-23PRESUPUESTO-COM-SO.pdf\">pdf<\/a><\/td>\n<\/tr>\n\n<tr class=\"odd\">\n<td > ACTA-CT-4-EXTRAORDINARIA-03-JUN-2024-PRORROGA-SOL-15024  <\/td>\n<td ALIGN=\"CENTER\"><a href=\"https:\/\/segob.qroo.gob.mx\/wp-content\/uploads\/2025\/05\/ACTA-CT-4-EXTRAORDINARIA-03-JUN-2024-PRORROGA-SOL-15024.pdf\">pdf<\/a><\/td>\n<\/tr>\n\n<tr class=\"odd\">\n<td > ACTA-CT-5-EXTRAORDINARIA-08-JUL-2024-PRORROGA-SOL-20224  <\/td>\n<td ALIGN=\"CENTER\"><a href=\"https:\/\/segob.qroo.gob.mx\/wp-content\/uploads\/2025\/05\/ACTA-CT-5-EXTRAORDINARIA-08-JUL-2024-PRORROGA-SOL-20224.pdf\">pdf<\/a><\/td>\n<\/tr>\n\n<tr class=\"odd\">\n<td > ACTA-CT-6-EXTRAORDINARIA-29-AGOS-24-INF-INEXISTENTE-SOL-17424 <\/td>\n<td ALIGN=\"CENTER\"><a href=\"https:\/\/segob.qroo.gob.mx\/wp-content\/uploads\/2025\/05\/ACTA-CT-6-EXTRAORDINARIA-29-AGOS-24-INF-INEXISTENTE-SOL-17424.pdf\">pdf<\/a><\/td>\n<\/tr>\n\n<tr class=\"odd\">\n<td > ACTA-CT-7-EXTRAORDINARIA-9-SEPT-2024-PRORROGA-SOL-242-243-244  <\/td>\n<td ALIGN=\"CENTER\"><a href=\"https:\/\/segob.qroo.gob.mx\/wp-content\/uploads\/2025\/05\/ACTA-CT-7-EXTRAORDINARIA-9-SEPT-2024-PRORROGA-SOL-242-243-244.pdf\">pdf<\/a><\/td>\n<\/tr>\n\n\n<\/tbody>\n<\/table>\n\n<style>\ntable {border-collapse: collapse;width: 100%;color: #000000;margin: 25px 0 40px;}table{background-color: transparent;}table th{font-size: 16px;text-transform: uppercase;border: 1px solid #fff;background: #3f3f3f;   color: #ffffff;}table tr.even, table tr.odd {border-bottom: 1px solid #fff;background: #e4e4e4;font-size: 14px;}.file--application-pdf{background-image: url(https:\/\/preview.qroo.gob.mx\/core\/themes\/classy\/images\/icons\/application-pdf.png);}.file {padding-left: 20px;display: inline-block;min-height: 16px;background-repeat: no-repeat;background-position: left center;}<\/style>\t\t<\/div>\n\t\t\t\t<\/div>\n\t\t\t\t<div class=\"elementor-element elementor-element-15a50fb elementor-widget elementor-widget-spacer\" data-id=\"15a50fb\" data-element_type=\"widget\" data-widget_type=\"spacer.default\">\n\t\t\t\t<div class=\"elementor-widget-container\">\n\t\t\t\t\t<div class=\"elementor-spacer\">\n\t\t\t<div class=\"elementor-spacer-inner\"><\/div>\n\t\t<\/div>\n\t\t\t\t<\/div>\n\t\t\t\t<\/div>\n\t\t\t\t\t<\/div>\n\t\t\t\t<\/div>\n\t\t\t\t<\/div>\n\t\t","protected":false},"excerpt":{"rendered":"<p>Comit\u00e9 de Transparencia de la Secretar\u00eda de Gobierno En este apartado se publicar\u00e1 a las personas integrantes del Comit\u00e9 de Transparencia de la Secretar\u00eda de Gobierno, as\u00ed mismo se publicar\u00e1n\u00a0las actas de las sesiones ordinarias y extraordinarias que lleven a cabo las personas integrantes del Comit\u00e9 de Transparencia, establecidas en el art\u00edculo 44 de la &#8230; <a title=\"Comit\u00e9 de Transparencia de la Secretar\u00eda de Gobierno\" class=\"read-more\" href=\"https:\/\/qroo.gob.mx\/segob\/comite-de-transparencia-de-la-secretaria-de-gobierno\/\" aria-label=\"Leer m\u00e1s sobre Comit\u00e9 de Transparencia de la Secretar\u00eda de Gobierno\">Leer m\u00e1s<\/a><\/p>\n","protected":false},"author":3,"featured_media":0,"parent":0,"menu_order":0,"comment_status":"closed","ping_status":"closed","template":"","meta":{"footnotes":""},"class_list":["post-41424","page","type-page","status-publish"],"yoast_head":"<!-- This site is optimized with the Yoast SEO plugin v23.0 - https:\/\/yoast.com\/wordpress\/plugins\/seo\/ -->\n<title>Comit\u00e9 de Transparencia de la Secretar\u00eda de Gobierno - Secretar\u00eda de Gobierno<\/title>\n<meta name=\"robots\" content=\"noindex, follow, max-snippet:-1, max-image-preview:large, max-video-preview:-1\" \/>\n<meta property=\"og:locale\" content=\"es_MX\" \/>\n<meta property=\"og:type\" content=\"article\" \/>\n<meta property=\"og:title\" content=\"Comit\u00e9 de Transparencia de la Secretar\u00eda de Gobierno - Secretar\u00eda de Gobierno\" \/>\n<meta property=\"og:description\" content=\"Comit\u00e9 de Transparencia de la Secretar\u00eda de Gobierno En este apartado se publicar\u00e1 a las personas integrantes del Comit\u00e9 de Transparencia de la Secretar\u00eda de Gobierno, as\u00ed mismo se publicar\u00e1n\u00a0las actas de las sesiones ordinarias y extraordinarias que lleven a cabo las personas integrantes del Comit\u00e9 de Transparencia, establecidas en el art\u00edculo 44 de la ... Leer m\u00e1s\" \/>\n<meta property=\"og:url\" content=\"https:\/\/qroo.gob.mx\/segob\/comite-de-transparencia-de-la-secretaria-de-gobierno\/\" \/>\n<meta property=\"og:site_name\" content=\"Secretar\u00eda de Gobierno\" \/>\n<meta property=\"article:modified_time\" content=\"2025-05-15T17:57:59+00:00\" \/>\n<meta name=\"twitter:card\" content=\"summary_large_image\" \/>\n<meta name=\"twitter:label1\" content=\"Tiempo de lectura\" \/>\n\t<meta name=\"twitter:data1\" content=\"2 minutos\" \/>\n<script type=\"application\/ld+json\" class=\"yoast-schema-graph\">{\"@context\":\"https:\/\/schema.org\",\"@graph\":[{\"@type\":\"WebPage\",\"@id\":\"https:\/\/qroo.gob.mx\/segob\/comite-de-transparencia-de-la-secretaria-de-gobierno\/\",\"url\":\"https:\/\/qroo.gob.mx\/segob\/comite-de-transparencia-de-la-secretaria-de-gobierno\/\",\"name\":\"Comit\u00e9 de Transparencia de la Secretar\u00eda de Gobierno - Secretar\u00eda de Gobierno\",\"isPartOf\":{\"@id\":\"https:\/\/qroo.gob.mx\/segob\/#website\"},\"datePublished\":\"2025-05-15T17:56:57+00:00\",\"dateModified\":\"2025-05-15T17:57:59+00:00\",\"breadcrumb\":{\"@id\":\"https:\/\/qroo.gob.mx\/segob\/comite-de-transparencia-de-la-secretaria-de-gobierno\/#breadcrumb\"},\"inLanguage\":\"es\",\"potentialAction\":[{\"@type\":\"ReadAction\",\"target\":[\"https:\/\/qroo.gob.mx\/segob\/comite-de-transparencia-de-la-secretaria-de-gobierno\/\"]}]},{\"@type\":\"BreadcrumbList\",\"@id\":\"https:\/\/qroo.gob.mx\/segob\/comite-de-transparencia-de-la-secretaria-de-gobierno\/#breadcrumb\",\"itemListElement\":[{\"@type\":\"ListItem\",\"position\":1,\"name\":\"Inicio\",\"item\":\"https:\/\/qroo.gob.mx\/segob\/\"},{\"@type\":\"ListItem\",\"position\":2,\"name\":\"Comit\u00e9 de Transparencia de la Secretar\u00eda de Gobierno\"}]},{\"@type\":\"WebSite\",\"@id\":\"https:\/\/qroo.gob.mx\/segob\/#website\",\"url\":\"https:\/\/qroo.gob.mx\/segob\/\",\"name\":\"Secretar\u00eda de Gobierno\",\"description\":\"\",\"publisher\":{\"@id\":\"https:\/\/qroo.gob.mx\/segob\/#organization\"},\"potentialAction\":[{\"@type\":\"SearchAction\",\"target\":{\"@type\":\"EntryPoint\",\"urlTemplate\":\"https:\/\/qroo.gob.mx\/segob\/?s={search_term_string}\"},\"query-input\":\"required name=search_term_string\"}],\"inLanguage\":\"es\"},{\"@type\":\"Organization\",\"@id\":\"https:\/\/qroo.gob.mx\/segob\/#organization\",\"name\":\"Secretar\u00eda de Gobierno\",\"url\":\"https:\/\/qroo.gob.mx\/segob\/\",\"logo\":{\"@type\":\"ImageObject\",\"inLanguage\":\"es\",\"@id\":\"https:\/\/qroo.gob.mx\/segob\/#\/schema\/logo\/image\/\",\"url\":\"https:\/\/qroo.gob.mx\/segob\/wp-content\/uploads\/2024\/05\/cropped-SEGOB.png\",\"contentUrl\":\"https:\/\/qroo.gob.mx\/segob\/wp-content\/uploads\/2024\/05\/cropped-SEGOB.png\",\"width\":1613,\"height\":745,\"caption\":\"Secretar\u00eda de Gobierno\"},\"image\":{\"@id\":\"https:\/\/qroo.gob.mx\/segob\/#\/schema\/logo\/image\/\"}}]}<\/script>\n<!-- \/ Yoast SEO plugin. -->","yoast_head_json":{"title":"Comit\u00e9 de Transparencia de la Secretar\u00eda de Gobierno - Secretar\u00eda de Gobierno","robots":{"index":"noindex","follow":"follow","max-snippet":"max-snippet:-1","max-image-preview":"max-image-preview:large","max-video-preview":"max-video-preview:-1"},"og_locale":"es_MX","og_type":"article","og_title":"Comit\u00e9 de Transparencia de la Secretar\u00eda de Gobierno - Secretar\u00eda de Gobierno","og_description":"Comit\u00e9 de Transparencia de la Secretar\u00eda de Gobierno En este apartado se publicar\u00e1 a las personas integrantes del Comit\u00e9 de Transparencia de la Secretar\u00eda de Gobierno, as\u00ed mismo se publicar\u00e1n\u00a0las actas de las sesiones ordinarias y extraordinarias que lleven a cabo las personas integrantes del Comit\u00e9 de Transparencia, establecidas en el art\u00edculo 44 de la ... Leer m\u00e1s","og_url":"https:\/\/qroo.gob.mx\/segob\/comite-de-transparencia-de-la-secretaria-de-gobierno\/","og_site_name":"Secretar\u00eda de Gobierno","article_modified_time":"2025-05-15T17:57:59+00:00","twitter_card":"summary_large_image","twitter_misc":{"Tiempo de lectura":"2 minutos"},"schema":{"@context":"https:\/\/schema.org","@graph":[{"@type":"WebPage","@id":"https:\/\/qroo.gob.mx\/segob\/comite-de-transparencia-de-la-secretaria-de-gobierno\/","url":"https:\/\/qroo.gob.mx\/segob\/comite-de-transparencia-de-la-secretaria-de-gobierno\/","name":"Comit\u00e9 de Transparencia de la Secretar\u00eda de Gobierno - Secretar\u00eda de Gobierno","isPartOf":{"@id":"https:\/\/qroo.gob.mx\/segob\/#website"},"datePublished":"2025-05-15T17:56:57+00:00","dateModified":"2025-05-15T17:57:59+00:00","breadcrumb":{"@id":"https:\/\/qroo.gob.mx\/segob\/comite-de-transparencia-de-la-secretaria-de-gobierno\/#breadcrumb"},"inLanguage":"es","potentialAction":[{"@type":"ReadAction","target":["https:\/\/qroo.gob.mx\/segob\/comite-de-transparencia-de-la-secretaria-de-gobierno\/"]}]},{"@type":"BreadcrumbList","@id":"https:\/\/qroo.gob.mx\/segob\/comite-de-transparencia-de-la-secretaria-de-gobierno\/#breadcrumb","itemListElement":[{"@type":"ListItem","position":1,"name":"Inicio","item":"https:\/\/qroo.gob.mx\/segob\/"},{"@type":"ListItem","position":2,"name":"Comit\u00e9 de Transparencia de la Secretar\u00eda de Gobierno"}]},{"@type":"WebSite","@id":"https:\/\/qroo.gob.mx\/segob\/#website","url":"https:\/\/qroo.gob.mx\/segob\/","name":"Secretar\u00eda de Gobierno","description":"","publisher":{"@id":"https:\/\/qroo.gob.mx\/segob\/#organization"},"potentialAction":[{"@type":"SearchAction","target":{"@type":"EntryPoint","urlTemplate":"https:\/\/qroo.gob.mx\/segob\/?s={search_term_string}"},"query-input":"required name=search_term_string"}],"inLanguage":"es"},{"@type":"Organization","@id":"https:\/\/qroo.gob.mx\/segob\/#organization","name":"Secretar\u00eda de Gobierno","url":"https:\/\/qroo.gob.mx\/segob\/","logo":{"@type":"ImageObject","inLanguage":"es","@id":"https:\/\/qroo.gob.mx\/segob\/#\/schema\/logo\/image\/","url":"https:\/\/qroo.gob.mx\/segob\/wp-content\/uploads\/2024\/05\/cropped-SEGOB.png","contentUrl":"https:\/\/qroo.gob.mx\/segob\/wp-content\/uploads\/2024\/05\/cropped-SEGOB.png","width":1613,"height":745,"caption":"Secretar\u00eda de Gobierno"},"image":{"@id":"https:\/\/qroo.gob.mx\/segob\/#\/schema\/logo\/image\/"}}]}},"_links":{"self":[{"href":"https:\/\/qroo.gob.mx\/segob\/wp-json\/wp\/v2\/pages\/41424"}],"collection":[{"href":"https:\/\/qroo.gob.mx\/segob\/wp-json\/wp\/v2\/pages"}],"about":[{"href":"https:\/\/qroo.gob.mx\/segob\/wp-json\/wp\/v2\/types\/page"}],"author":[{"embeddable":true,"href":"https:\/\/qroo.gob.mx\/segob\/wp-json\/wp\/v2\/users\/3"}],"replies":[{"embeddable":true,"href":"https:\/\/qroo.gob.mx\/segob\/wp-json\/wp\/v2\/comments?post=41424"}],"version-history":[{"count":4,"href":"https:\/\/qroo.gob.mx\/segob\/wp-json\/wp\/v2\/pages\/41424\/revisions"}],"predecessor-version":[{"id":41429,"href":"https:\/\/qroo.gob.mx\/segob\/wp-json\/wp\/v2\/pages\/41424\/revisions\/41429"}],"wp:attachment":[{"href":"https:\/\/qroo.gob.mx\/segob\/wp-json\/wp\/v2\/media?parent=41424"}],"curies":[{"name":"wp","href":"https:\/\/api.w.org\/{rel}","templated":true}]}}