{"id":36702,"date":"2024-08-26T13:30:32","date_gmt":"2024-08-26T18:30:32","guid":{"rendered":"https:\/\/qroo.gob.mx\/segob\/?page_id=36702"},"modified":"2024-08-26T13:33:51","modified_gmt":"2024-08-26T18:33:51","slug":"organos-desconcentrados","status":"publish","type":"page","link":"https:\/\/qroo.gob.mx\/segob\/organos-desconcentrados\/","title":{"rendered":"Organos Desconcentrados"},"content":{"rendered":"\t\t<div data-elementor-type=\"wp-page\" data-elementor-id=\"36702\" class=\"elementor elementor-36702\">\n\t\t\t\t<div class=\"elementor-element elementor-element-d2de7b5 e-flex e-con-boxed e-con e-parent\" data-id=\"d2de7b5\" data-element_type=\"container\">\n\t\t\t\t\t<div class=\"e-con-inner\">\n\t\t\t\t<div class=\"elementor-element elementor-element-a0ca44e elementor-widget elementor-widget-spacer\" data-id=\"a0ca44e\" data-element_type=\"widget\" data-widget_type=\"spacer.default\">\n\t\t\t\t<div class=\"elementor-widget-container\">\n\t\t\t<style>\/*! elementor - v3.23.0 - 15-07-2024 *\/\n.elementor-column .elementor-spacer-inner{height:var(--spacer-size)}.e-con{--container-widget-width:100%}.e-con-inner>.elementor-widget-spacer,.e-con>.elementor-widget-spacer{width:var(--container-widget-width,var(--spacer-size));--align-self:var(--container-widget-align-self,initial);--flex-shrink:0}.e-con-inner>.elementor-widget-spacer>.elementor-widget-container,.e-con>.elementor-widget-spacer>.elementor-widget-container{height:100%;width:100%}.e-con-inner>.elementor-widget-spacer>.elementor-widget-container>.elementor-spacer,.e-con>.elementor-widget-spacer>.elementor-widget-container>.elementor-spacer{height:100%}.e-con-inner>.elementor-widget-spacer>.elementor-widget-container>.elementor-spacer>.elementor-spacer-inner,.e-con>.elementor-widget-spacer>.elementor-widget-container>.elementor-spacer>.elementor-spacer-inner{height:var(--container-widget-height,var(--spacer-size))}.e-con-inner>.elementor-widget-spacer.elementor-widget-empty,.e-con>.elementor-widget-spacer.elementor-widget-empty{position:relative;min-height:22px;min-width:22px}.e-con-inner>.elementor-widget-spacer.elementor-widget-empty .elementor-widget-empty-icon,.e-con>.elementor-widget-spacer.elementor-widget-empty .elementor-widget-empty-icon{position:absolute;top:0;bottom:0;left:0;right:0;margin:auto;padding:0;width:22px;height:22px}<\/style>\t\t<div class=\"elementor-spacer\">\n\t\t\t<div class=\"elementor-spacer-inner\"><\/div>\n\t\t<\/div>\n\t\t\t\t<\/div>\n\t\t\t\t<\/div>\n\t\t\t\t<div class=\"elementor-element elementor-element-b9238b6 elementor-widget elementor-widget-heading\" data-id=\"b9238b6\" data-element_type=\"widget\" data-widget_type=\"heading.default\">\n\t\t\t\t<div class=\"elementor-widget-container\">\n\t\t\t<style>\/*! elementor - v3.23.0 - 15-07-2024 *\/\n.elementor-heading-title{padding:0;margin:0;line-height:1}.elementor-widget-heading .elementor-heading-title[class*=elementor-size-]>a{color:inherit;font-size:inherit;line-height:inherit}.elementor-widget-heading .elementor-heading-title.elementor-size-small{font-size:15px}.elementor-widget-heading .elementor-heading-title.elementor-size-medium{font-size:19px}.elementor-widget-heading .elementor-heading-title.elementor-size-large{font-size:29px}.elementor-widget-heading .elementor-heading-title.elementor-size-xl{font-size:39px}.elementor-widget-heading .elementor-heading-title.elementor-size-xxl{font-size:59px}<\/style><h1 class=\"elementor-heading-title elementor-size-default\">\u00d3rganos Desconcentrados<\/h1>\t\t<\/div>\n\t\t\t\t<\/div>\n\t\t\t\t\t<\/div>\n\t\t\t\t<\/div>\n\t\t<div class=\"elementor-element elementor-element-c1b1aff e-flex e-con-boxed e-con e-parent\" data-id=\"c1b1aff\" data-element_type=\"container\">\n\t\t\t\t\t<div class=\"e-con-inner\">\n\t\t\t\t<div class=\"elementor-element elementor-element-21a860f elementor-widget elementor-widget-spacer\" data-id=\"21a860f\" data-element_type=\"widget\" data-widget_type=\"spacer.default\">\n\t\t\t\t<div class=\"elementor-widget-container\">\n\t\t\t\t\t<div class=\"elementor-spacer\">\n\t\t\t<div class=\"elementor-spacer-inner\"><\/div>\n\t\t<\/div>\n\t\t\t\t<\/div>\n\t\t\t\t<\/div>\n\t\t\t\t<div class=\"elementor-element elementor-element-9fd2ad1 elementor-widget elementor-widget-html\" data-id=\"9fd2ad1\" data-element_type=\"widget\" data-widget_type=\"html.default\">\n\t\t\t\t<div class=\"elementor-widget-container\">\n\t\t\t<ul class=\"list-1\">\r\n<li><b><a href=\"https:\/\/qroo.gob.mx\/apabep2\/\" target=\"_blank\" rel=\"noopener\">Administraci\u00f3n del Patrimonio de la Beneficencia P\u00fablica del Estado de Quintana Roo<\/a><\/b><\/li>\r\n<li><b><a href=\"https:\/\/qroo.gob.mx\/segob\/age\/\" target=\"_blank\" rel=\"noopener\">Archivo General del Estado de Quintana Roo<\/a><\/b><\/li>\r\n<li><b><a href=\"https:\/\/qroo.gob.mx\/cjpe\" target=\"_blank\" rel=\"noopener\">Consejer\u00eda Jur\u00eddica del Gobierno del Estado<\/a><\/b><\/li>\r\n<li><b><a href=\"http:\/\/cgc.qroo.gob.mx\/\" target=\"_blank\" rel=\"noopener\">Coordinaci\u00f3n General de Comunicaci\u00f3n<\/a><\/b><\/li>\r\n<li><b><a href=\"https:\/\/qroo.gob.mx\/index2.php\/sema\/iniraarchivo\" target=\"_blank\" rel=\"noopener\">Instituto de Impacto y Riesgo Ambiental del Estado de Quintana Roo<\/a><\/b><\/li>\r\n<li><a href=\"https:\/\/qroo.gob.mx\/ica\/\" target=\"_blank\" rel=\"noopener\"><b>Instituto de la Cultura y las Artes<\/b><\/a><\/li>\r\n<li><a href=\"https:\/\/qroo.gob.mx\/iqit\" target=\"_blank\" rel=\"noopener\"><b>Instituto Quintanarroense de Innovaci\u00f3n y Tecnolog\u00eda<\/b><\/a><\/li>\r\n<li><a href=\"https:\/\/qroo.gob.mx\/juventud\/\" target=\"_blank\" rel=\"noopener\"><b>Instituto Quintanarroense de la Juventud <\/b><\/a><\/li>\r\n<li><b><a href=\"https:\/\/qroo.gob.mx\/jasp2\/\" target=\"_blank\" rel=\"noopener\">Junta de Asistencia Social Privada de Quintana Roo<\/a><\/b><\/li>\r\n<li><b><a href=\"https:\/\/qroo.gob.mx\/ppa\/\" target=\"_blank\" rel=\"noopener\">Procuradur\u00eda de Protecci\u00f3n al Ambiente<\/a><\/b><\/li>\r\n<li><b><a href=\"https:\/\/qroo.gob.mx\/segob\/repcdmx\/\" target=\"_blank\" rel=\"noopener\">Representaci\u00f3n del Gobierno del Estado de Quintana Roo en la ciudad de M\u00e9xico.<\/a><\/b><\/li>\r\n<li><b><a href=\"https:\/\/qroo.gob.mx\/sesesp\" target=\"_blank\" rel=\"noopener\">Secretariado Ejecutivo del Sistema Estatal de Seguridad P\u00fablica <\/a><\/b><\/li>\r\n<li><b><a href=\"https:\/\/qroo.gob.mx\/sp\" target=\"_blank\" rel=\"noopener\">Secretar\u00eda Particular del Ejecutivo<\/a><\/b><\/li>\r\n<li><b><a href=\"https:\/\/qroo.gob.mx\/seecat\/\" target=\"_blank\" rel=\"noopener\">Servicio Estatal de Empleo y Capacitaci\u00f3n para el Trabajo<\/a><\/b><\/li>\r\n<\/ul>\t\t<\/div>\n\t\t\t\t<\/div>\n\t\t\t\t\t<\/div>\n\t\t\t\t<\/div>\n\t\t<div class=\"elementor-element elementor-element-c7bb46d e-flex e-con-boxed e-con e-parent\" data-id=\"c7bb46d\" data-element_type=\"container\">\n\t\t\t\t\t<div class=\"e-con-inner\">\n\t\t\t\t\t<\/div>\n\t\t\t\t<\/div>\n\t\t<div class=\"elementor-element elementor-element-a83f071 e-flex e-con-boxed e-con e-parent\" data-id=\"a83f071\" data-element_type=\"container\">\n\t\t\t\t\t<div class=\"e-con-inner\">\n\t\t\t\t<div class=\"elementor-element elementor-element-6450429 elementor-widget elementor-widget-spacer\" data-id=\"6450429\" data-element_type=\"widget\" data-widget_type=\"spacer.default\">\n\t\t\t\t<div class=\"elementor-widget-container\">\n\t\t\t\t\t<div class=\"elementor-spacer\">\n\t\t\t<div class=\"elementor-spacer-inner\"><\/div>\n\t\t<\/div>\n\t\t\t\t<\/div>\n\t\t\t\t<\/div>\n\t\t\t\t\t<\/div>\n\t\t\t\t<\/div>\n\t\t\t\t<\/div>\n\t\t","protected":false},"excerpt":{"rendered":"<p>\u00d3rganos Desconcentrados Administraci\u00f3n del Patrimonio de la Beneficencia P\u00fablica del Estado de Quintana Roo Archivo General del Estado de Quintana Roo Consejer\u00eda Jur\u00eddica del Gobierno del Estado Coordinaci\u00f3n General de Comunicaci\u00f3n Instituto de Impacto y Riesgo Ambiental del Estado de Quintana Roo Instituto de la Cultura y las Artes Instituto Quintanarroense de Innovaci\u00f3n y Tecnolog\u00eda &#8230; <a title=\"Organos Desconcentrados\" class=\"read-more\" href=\"https:\/\/qroo.gob.mx\/segob\/organos-desconcentrados\/\" aria-label=\"Leer m\u00e1s sobre Organos Desconcentrados\">Leer m\u00e1s<\/a><\/p>\n","protected":false},"author":3,"featured_media":0,"parent":0,"menu_order":0,"comment_status":"closed","ping_status":"closed","template":"","meta":{"footnotes":""},"class_list":["post-36702","page","type-page","status-publish"],"yoast_head":"<!-- This site is optimized with the Yoast SEO plugin v23.0 - https:\/\/yoast.com\/wordpress\/plugins\/seo\/ -->\n<title>Organos Desconcentrados - Secretar\u00eda de Gobierno<\/title>\n<meta name=\"robots\" content=\"noindex, follow, max-snippet:-1, max-image-preview:large, max-video-preview:-1\" \/>\n<meta property=\"og:locale\" content=\"es_MX\" \/>\n<meta property=\"og:type\" content=\"article\" \/>\n<meta property=\"og:title\" content=\"Organos Desconcentrados - Secretar\u00eda de Gobierno\" \/>\n<meta property=\"og:description\" content=\"\u00d3rganos Desconcentrados Administraci\u00f3n del Patrimonio de la Beneficencia P\u00fablica del Estado de Quintana Roo Archivo General del Estado de Quintana Roo Consejer\u00eda Jur\u00eddica del Gobierno del Estado Coordinaci\u00f3n General de Comunicaci\u00f3n Instituto de Impacto y Riesgo Ambiental del Estado de Quintana Roo Instituto de la Cultura y las Artes Instituto Quintanarroense de Innovaci\u00f3n y Tecnolog\u00eda ... Leer m\u00e1s\" \/>\n<meta property=\"og:url\" content=\"https:\/\/qroo.gob.mx\/segob\/organos-desconcentrados\/\" \/>\n<meta property=\"og:site_name\" content=\"Secretar\u00eda de Gobierno\" \/>\n<meta property=\"article:modified_time\" content=\"2024-08-26T18:33:51+00:00\" \/>\n<meta name=\"twitter:card\" content=\"summary_large_image\" \/>\n<meta name=\"twitter:label1\" content=\"Tiempo de lectura\" \/>\n\t<meta name=\"twitter:data1\" content=\"1 minuto\" \/>\n<script type=\"application\/ld+json\" class=\"yoast-schema-graph\">{\"@context\":\"https:\/\/schema.org\",\"@graph\":[{\"@type\":\"WebPage\",\"@id\":\"https:\/\/qroo.gob.mx\/segob\/organos-desconcentrados\/\",\"url\":\"https:\/\/qroo.gob.mx\/segob\/organos-desconcentrados\/\",\"name\":\"Organos Desconcentrados - Secretar\u00eda de Gobierno\",\"isPartOf\":{\"@id\":\"https:\/\/qroo.gob.mx\/segob\/#website\"},\"datePublished\":\"2024-08-26T18:30:32+00:00\",\"dateModified\":\"2024-08-26T18:33:51+00:00\",\"breadcrumb\":{\"@id\":\"https:\/\/qroo.gob.mx\/segob\/organos-desconcentrados\/#breadcrumb\"},\"inLanguage\":\"es\",\"potentialAction\":[{\"@type\":\"ReadAction\",\"target\":[\"https:\/\/qroo.gob.mx\/segob\/organos-desconcentrados\/\"]}]},{\"@type\":\"BreadcrumbList\",\"@id\":\"https:\/\/qroo.gob.mx\/segob\/organos-desconcentrados\/#breadcrumb\",\"itemListElement\":[{\"@type\":\"ListItem\",\"position\":1,\"name\":\"Inicio\",\"item\":\"https:\/\/qroo.gob.mx\/segob\/\"},{\"@type\":\"ListItem\",\"position\":2,\"name\":\"Organos Desconcentrados\"}]},{\"@type\":\"WebSite\",\"@id\":\"https:\/\/qroo.gob.mx\/segob\/#website\",\"url\":\"https:\/\/qroo.gob.mx\/segob\/\",\"name\":\"Secretar\u00eda de Gobierno\",\"description\":\"\",\"publisher\":{\"@id\":\"https:\/\/qroo.gob.mx\/segob\/#organization\"},\"potentialAction\":[{\"@type\":\"SearchAction\",\"target\":{\"@type\":\"EntryPoint\",\"urlTemplate\":\"https:\/\/qroo.gob.mx\/segob\/?s={search_term_string}\"},\"query-input\":\"required name=search_term_string\"}],\"inLanguage\":\"es\"},{\"@type\":\"Organization\",\"@id\":\"https:\/\/qroo.gob.mx\/segob\/#organization\",\"name\":\"Secretar\u00eda de Gobierno\",\"url\":\"https:\/\/qroo.gob.mx\/segob\/\",\"logo\":{\"@type\":\"ImageObject\",\"inLanguage\":\"es\",\"@id\":\"https:\/\/qroo.gob.mx\/segob\/#\/schema\/logo\/image\/\",\"url\":\"https:\/\/qroo.gob.mx\/segob\/wp-content\/uploads\/2024\/05\/cropped-SEGOB.png\",\"contentUrl\":\"https:\/\/qroo.gob.mx\/segob\/wp-content\/uploads\/2024\/05\/cropped-SEGOB.png\",\"width\":1613,\"height\":745,\"caption\":\"Secretar\u00eda de Gobierno\"},\"image\":{\"@id\":\"https:\/\/qroo.gob.mx\/segob\/#\/schema\/logo\/image\/\"}}]}<\/script>\n<!-- \/ Yoast SEO plugin. -->","yoast_head_json":{"title":"Organos Desconcentrados - Secretar\u00eda de Gobierno","robots":{"index":"noindex","follow":"follow","max-snippet":"max-snippet:-1","max-image-preview":"max-image-preview:large","max-video-preview":"max-video-preview:-1"},"og_locale":"es_MX","og_type":"article","og_title":"Organos Desconcentrados - Secretar\u00eda de Gobierno","og_description":"\u00d3rganos Desconcentrados Administraci\u00f3n del Patrimonio de la Beneficencia P\u00fablica del Estado de Quintana Roo Archivo General del Estado de Quintana Roo Consejer\u00eda Jur\u00eddica del Gobierno del Estado Coordinaci\u00f3n General de Comunicaci\u00f3n Instituto de Impacto y Riesgo Ambiental del Estado de Quintana Roo Instituto de la Cultura y las Artes Instituto Quintanarroense de Innovaci\u00f3n y Tecnolog\u00eda ... Leer m\u00e1s","og_url":"https:\/\/qroo.gob.mx\/segob\/organos-desconcentrados\/","og_site_name":"Secretar\u00eda de Gobierno","article_modified_time":"2024-08-26T18:33:51+00:00","twitter_card":"summary_large_image","twitter_misc":{"Tiempo de lectura":"1 minuto"},"schema":{"@context":"https:\/\/schema.org","@graph":[{"@type":"WebPage","@id":"https:\/\/qroo.gob.mx\/segob\/organos-desconcentrados\/","url":"https:\/\/qroo.gob.mx\/segob\/organos-desconcentrados\/","name":"Organos Desconcentrados - Secretar\u00eda de Gobierno","isPartOf":{"@id":"https:\/\/qroo.gob.mx\/segob\/#website"},"datePublished":"2024-08-26T18:30:32+00:00","dateModified":"2024-08-26T18:33:51+00:00","breadcrumb":{"@id":"https:\/\/qroo.gob.mx\/segob\/organos-desconcentrados\/#breadcrumb"},"inLanguage":"es","potentialAction":[{"@type":"ReadAction","target":["https:\/\/qroo.gob.mx\/segob\/organos-desconcentrados\/"]}]},{"@type":"BreadcrumbList","@id":"https:\/\/qroo.gob.mx\/segob\/organos-desconcentrados\/#breadcrumb","itemListElement":[{"@type":"ListItem","position":1,"name":"Inicio","item":"https:\/\/qroo.gob.mx\/segob\/"},{"@type":"ListItem","position":2,"name":"Organos Desconcentrados"}]},{"@type":"WebSite","@id":"https:\/\/qroo.gob.mx\/segob\/#website","url":"https:\/\/qroo.gob.mx\/segob\/","name":"Secretar\u00eda de Gobierno","description":"","publisher":{"@id":"https:\/\/qroo.gob.mx\/segob\/#organization"},"potentialAction":[{"@type":"SearchAction","target":{"@type":"EntryPoint","urlTemplate":"https:\/\/qroo.gob.mx\/segob\/?s={search_term_string}"},"query-input":"required name=search_term_string"}],"inLanguage":"es"},{"@type":"Organization","@id":"https:\/\/qroo.gob.mx\/segob\/#organization","name":"Secretar\u00eda de Gobierno","url":"https:\/\/qroo.gob.mx\/segob\/","logo":{"@type":"ImageObject","inLanguage":"es","@id":"https:\/\/qroo.gob.mx\/segob\/#\/schema\/logo\/image\/","url":"https:\/\/qroo.gob.mx\/segob\/wp-content\/uploads\/2024\/05\/cropped-SEGOB.png","contentUrl":"https:\/\/qroo.gob.mx\/segob\/wp-content\/uploads\/2024\/05\/cropped-SEGOB.png","width":1613,"height":745,"caption":"Secretar\u00eda de Gobierno"},"image":{"@id":"https:\/\/qroo.gob.mx\/segob\/#\/schema\/logo\/image\/"}}]}},"_links":{"self":[{"href":"https:\/\/qroo.gob.mx\/segob\/wp-json\/wp\/v2\/pages\/36702"}],"collection":[{"href":"https:\/\/qroo.gob.mx\/segob\/wp-json\/wp\/v2\/pages"}],"about":[{"href":"https:\/\/qroo.gob.mx\/segob\/wp-json\/wp\/v2\/types\/page"}],"author":[{"embeddable":true,"href":"https:\/\/qroo.gob.mx\/segob\/wp-json\/wp\/v2\/users\/3"}],"replies":[{"embeddable":true,"href":"https:\/\/qroo.gob.mx\/segob\/wp-json\/wp\/v2\/comments?post=36702"}],"version-history":[{"count":4,"href":"https:\/\/qroo.gob.mx\/segob\/wp-json\/wp\/v2\/pages\/36702\/revisions"}],"predecessor-version":[{"id":36707,"href":"https:\/\/qroo.gob.mx\/segob\/wp-json\/wp\/v2\/pages\/36702\/revisions\/36707"}],"wp:attachment":[{"href":"https:\/\/qroo.gob.mx\/segob\/wp-json\/wp\/v2\/media?parent=36702"}],"curies":[{"name":"wp","href":"https:\/\/api.w.org\/{rel}","templated":true}]}}